{"id":1883,"date":"2020-10-04T13:21:05","date_gmt":"2020-10-04T12:21:05","guid":{"rendered":"https:\/\/fondettes-naurod.eu\/jumelage\/?page_id=1883"},"modified":"2020-12-10T21:40:08","modified_gmt":"2020-12-10T20:40:08","slug":"naurod","status":"publish","type":"page","link":"https:\/\/fondettes-naurod.eu\/jumelage\/?page_id=1883","title":{"rendered":"Naurod"},"content":{"rendered":"\n<figure class=\"wp-block-image size-large\"><img loading=\"lazy\" decoding=\"async\" width=\"1024\" height=\"687\" src=\"https:\/\/fondettes-naurod.eu\/jumelage\/wp-content\/uploads\/2020\/12\/Photo-naurod.jpg\" alt=\"\" class=\"wp-image-2082\" srcset=\"https:\/\/fondettes-naurod.eu\/jumelage\/wp-content\/uploads\/2020\/12\/Photo-naurod.jpg 1024w, https:\/\/fondettes-naurod.eu\/jumelage\/wp-content\/uploads\/2020\/12\/Photo-naurod-300x201.jpg 300w, https:\/\/fondettes-naurod.eu\/jumelage\/wp-content\/uploads\/2020\/12\/Photo-naurod-768x515.jpg 768w\" sizes=\"auto, (max-width: 1024px) 100vw, 1024px\" \/><\/figure>\n\n\n\n<p><strong>Naurod<\/strong> compte aujourd&rsquo;hui 4500 habitants. La commune a perdu son entit\u00e9 en 1977, suite \u00e0 son rattachement \u00e0 Wiesbaden dont elle est devenue un quartier. Cependant, les naurodiens revendiquent  toujours leur identit\u00e9 et chaque ann\u00e9e organisent une manifestation dans la convivialit\u00e9 et la bonne humeur. C&rsquo;est ainsi, que notre jumelage est devenu Fondettes &#8211; Naurod\/Wiesbaden<\/p>\n\n\n\n<div class=\"wp-block-image\"><figure class=\"aligncenter size-large is-resized\"><img loading=\"lazy\" decoding=\"async\" src=\"https:\/\/fondettes-naurod.eu\/jumelage\/wp-content\/uploads\/2020\/12\/Wappen_N-F_logo1.jpg\" alt=\"\" class=\"wp-image-2084\" width=\"341\" height=\"235\"\/><\/figure><\/div>\n\n\n\n<figure class=\"wp-block-image size-large is-resized\"><img loading=\"lazy\" decoding=\"async\" src=\"https:\/\/fondettes-naurod.eu\/jumelage\/wp-content\/uploads\/2020\/12\/naurod8.jpg\" alt=\"\" class=\"wp-image-2093\" width=\"527\" height=\"601\" srcset=\"https:\/\/fondettes-naurod.eu\/jumelage\/wp-content\/uploads\/2020\/12\/naurod8.jpg 872w, https:\/\/fondettes-naurod.eu\/jumelage\/wp-content\/uploads\/2020\/12\/naurod8-263x300.jpg 263w, https:\/\/fondettes-naurod.eu\/jumelage\/wp-content\/uploads\/2020\/12\/naurod8-768x875.jpg 768w\" sizes=\"auto, (max-width: 527px) 100vw, 527px\" \/><\/figure>\n\n\n\n<h3 class=\"has-cyan-bluish-gray-background-color has-background wp-block-heading\">Histoire de Naurod traduite \u00e0 partir d&rsquo;un <strong>texte r\u00e9dig\u00e9  en ao\u00fbt 2000 par le Dr.Ernst SCHWENK <\/strong>:<\/h3>\n\n\n\n<h2 class=\"wp-block-heading\">Un petit village et son histoire vieille de 650 ans<\/h2>\n\n\n\n<p>Les 1<sup>ers<\/sup> habitants de Naurod n\u2019\u00e9taient pas Allemands, mais Fran\u00e7ais&nbsp;! Ou plut\u00f4t c\u2019\u00e9taient des Gaulois ou des Celtes. Il y a environ 2 500 ans, les Celtes ont fond\u00e9 de nombreuses cit\u00e9s dans la r\u00e9gion de l\u2019actuel Land F\u00e9d\u00e9ral de Hesse. Les tombeaux des Celtes, de 2 \u00e0 4 m de haut environ, sont encore aujourd\u2019hui parfaitement reconnaissables dans les for\u00eats des environs plus ou moins proches de Naurod.<\/p>\n\n\n\n<p>La montagne de Naurod est le Kellerskopf. Ce nom n\u2019a rien \u00e0 voir avec une cave (Keller en allemand), mais &#8211; vraisemblablement \u2013 avec les Celtes qui vivaient sur les hauteurs de la montagne \u00e0 450 m. Des restes de vieux remparts subsistent encore.<\/p>\n\n\n\n<figure class=\"wp-block-image size-large\"><img loading=\"lazy\" decoding=\"async\" width=\"932\" height=\"516\" src=\"https:\/\/fondettes-naurod.eu\/jumelage\/wp-content\/uploads\/2020\/12\/kellerskopf.jpg\" alt=\"\" class=\"wp-image-2085\" srcset=\"https:\/\/fondettes-naurod.eu\/jumelage\/wp-content\/uploads\/2020\/12\/kellerskopf.jpg 932w, https:\/\/fondettes-naurod.eu\/jumelage\/wp-content\/uploads\/2020\/12\/kellerskopf-300x166.jpg 300w, https:\/\/fondettes-naurod.eu\/jumelage\/wp-content\/uploads\/2020\/12\/kellerskopf-768x425.jpg 768w\" sizes=\"auto, (max-width: 932px) 100vw, 932px\" \/><figcaption><strong>Le Kellerskopf<\/strong><\/figcaption><\/figure>\n\n\n\n<p>La terminaison \u00ab&nbsp;rod&nbsp;\u00bb du nom Naurod renvoie aux origines du village au XIe ou XIIe si\u00e8cle. Autrefois, de nombreuses for\u00eats ont \u00e9t\u00e9 d\u00e9frich\u00e9es pour faire de la place pour de nouvelles maisons ou des champs. Le mot Naurod signifiait \u00e0 l\u2019origine \u00ab&nbsp;nouveau d\u00e9boisement&nbsp;\u00bb. La premi\u00e8re mention documentaire du village date de l\u2019ann\u00e9e 1353.<\/p>\n\n\n\n<p>En 1618, il y avait \u00e0 Naurod pr\u00e8s de 80 fermes, ce qui correspond \u00e0 400-500 habitants. Pendant la Guerre de Trente Ans (1618-1648), presque toutes les fermes ont \u00e9t\u00e9 d\u00e9truites, pill\u00e9es et br\u00fbl\u00e9es, les habitants tu\u00e9s ou expuls\u00e9s.<\/p>\n\n\n\n<p>Apr\u00e8s 1648, le nouveau seigneur du Land, le Comte de Nassau, offr\u00eet aux expuls\u00e9s sans patrie des fermes et des terres d\u00e9peupl\u00e9es. C\u2019est ainsi que commen\u00e7a une nouvelle vie dans le village. Des familles furent fond\u00e9es, d\u00e8s 1680 une \u00e9cole dut \u00eatre construite pour les enfants de Naurod. Dix ans plus tard, 88 personnes vivaient \u00e0 nouveau \u00e0 Naurod&nbsp;: 19 hommes, 17 femmes et 52 enfants.<\/p>\n\n\n\n<p>Le petit village de Naurod mena pendant plusieurs si\u00e8cles une vie calme dans la solitude d\u2019une petite vall\u00e9e bois\u00e9e. Les gens vivaient simplement, les mains \u00e9taient l\u2019outil le plus important, les pieds le moyen de transport le plus important.<\/p>\n\n\n\n<h2 class=\"wp-block-heading\">Le blason de Naurod<\/h2>\n\n\n\n<div class=\"wp-block-image\"><figure class=\"alignleft size-large is-resized\"><img loading=\"lazy\" decoding=\"async\" src=\"https:\/\/fondettes-naurod.eu\/jumelage\/wp-content\/uploads\/2020\/12\/Blason-de-Naurod.gif\" alt=\"\" class=\"wp-image-2087\" width=\"113\" height=\"124\"\/><\/figure><\/div>\n\n\n\n<p>En 1730, Naurod obtint une nouvelle \u00e9glise. Parce qu\u2019il y avait peu de place entre les fermes, on choisit la forme de construction d\u2019une \u00e9glise ronde \u00e0 huit c\u00f4t\u00e9s. Il n\u2019existe en Allemagne que tr\u00e8s peu d\u2019\u00e9glises de ce genre. Elle fut d\u00e9di\u00e9e \u00e0 Saint-Laurent. Pourquoi&nbsp;?<\/p>\n\n\n\n<p>Laurent, un soldat romain, fut \u00e9l\u00e8ve du Pape Sixte II apr\u00e8s son renvoi du service militaire et plus tard diacre dans la Rome antique. Parce qu\u2019il refusa de remettre \u00e0 l\u2019Empereur romain Valerianus la fortune de l\u2019Eglise et, \u00e0 la place, la partagea entre les pauvres du Land, l\u2019Empereur ordonna de capturer l\u2019homme d\u2019\u00e9glise. En l\u2019An 258 apr\u00e8s J.-C., Laurent fut condamn\u00e9 \u00e0 mort et la peine ex\u00e9cut\u00e9e de cruelle mani\u00e8re. On attacha le pauvre Laurent sur une grille en fer et on le br\u00fbla vif.<\/p>\n\n\n\n<div class=\"wp-block-image\"><figure class=\"alignleft size-large is-resized\"><img loading=\"lazy\" decoding=\"async\" src=\"https:\/\/fondettes-naurod.eu\/jumelage\/wp-content\/uploads\/2020\/12\/naurod3.jpg\" alt=\"\" class=\"wp-image-2089\" width=\"154\" height=\"231\" srcset=\"https:\/\/fondettes-naurod.eu\/jumelage\/wp-content\/uploads\/2020\/12\/naurod3.jpg 227w, https:\/\/fondettes-naurod.eu\/jumelage\/wp-content\/uploads\/2020\/12\/naurod3-200x300.jpg 200w\" sizes=\"auto, (max-width: 154px) 100vw, 154px\" \/><figcaption>Saint Laurent<\/figcaption><\/figure><\/div>\n\n\n\n<p>Plus tard, le Pape b\u00e9atifia Laurent et f\u00eet construire sur sa tombe l\u2019Eglise \u00ab&nbsp;San Lorenzo fuori de la matura&nbsp;\u00bb, l\u2019une des sept principales \u00e9glises de Rome.<\/p>\n\n\n\n<p>Sur le blason de Naurod, on a repr\u00e9sent\u00e9 la grille sur laquelle le martyre Laurent dut mourir. Au-dessus, il y a 2 haches crois\u00e9es. Ces outils \u00e9taient utilis\u00e9s autrefois lorsqu\u2019on d\u00e9frichait pour d\u00e9terrer les rhizomes. Elles symbolisent l\u2019origine du village dans une for\u00eat d\u00e9bois\u00e9e.<\/p>\n\n\n\n<h1 class=\"wp-block-heading\">Pourquoi Naurod perdit son ind\u00e9pendance<\/h1>\n\n\n\n<p>Naurod est situ\u00e9 au bord du grand Centre industriel Rhin &#8211; Main et \u00e0 proximit\u00e9 de la capitale du Land, Wiesbaden (270 000 habitants). L\u2019industrialisation a eu \u00e9galement de grandes cons\u00e9quences sur la vie du village. De nombreux citoyens de Naurod ont du d\u00e9m\u00e9nager \u00e0 Wiesbaden ou Francfort pour y trouver du travail. La motorisation croissante d\u2019une part, le prix du lopin de terre en ville ayant fortement augment\u00e9 d\u2019autre part, ont invers\u00e9 ce d\u00e9veloppement apr\u00e8s la Seconde Guerre Mondiale. Ces trente derni\u00e8res ann\u00e9es, de nombreux citoyens de la capitale du Land Wiesbaden ont transf\u00e9r\u00e9 leur habitation \u00e0 Naurod. Autour du vieux noyau du village sont apparues de nouvelles zones d\u2019habitation et la plupart des terrains \u00e0 construire b\u00e2tis. De 1960 \u00e0 1990, le nombre d\u2019habitants de Naurod a \u00e9t\u00e9 multipli\u00e9 par 5. La limite de construction est maintenant atteinte, selon la volont\u00e9 du Conseil Municipal le nombre actuel d\u2019habitants ne devrait pas augmenter de mani\u00e8re significative.<\/p>\n\n\n\n<p>En cons\u00e9quence de la construction intense, la commune jusque-l\u00e0 autonome de Naurod devait cr\u00e9er de nouvelles routes et am\u00e9nagements communautaires. Cela surpassait ses capacit\u00e9s financi\u00e8res. Il ne resta alors \u00e0 la commune d\u2019autre choix que d\u2019\u00eatre rattach\u00e9e \u00e0 la ville de Wiesbaden. Depuis le 1<sup>er<\/sup> Janvier 1980, Naurod est une banlieue de la capitale. Parce qu\u2019ils restaient fermes lors des n\u00e9gociations avec les autorit\u00e9s et ne voulaient pas en rabattre, les Naurodiens furent souvent qualifi\u00e9s de \u00ab&nbsp;Petits Diables&nbsp;\u00bb par les p\u00e8res de la ville. Cela \u00e9nerva les fiers citoyens Naurodiens. Depuis 1980, ils d\u00e9filent chaque matin du Nouvel An en un cort\u00e8ge de protestations bon enfant pour le \u00ab&nbsp;Jour des Petits Diables&nbsp;\u00bb jusqu\u2019\u00e0 Wiesbaden et comm\u00e9morent le souvenir de l\u2019\u00ab&nbsp;Inf\u00e2mie&nbsp;\u00bb qui leur fut faite par des paroles insolentes et des discours et surtout avec une grande quantit\u00e9 d\u2019\u00ab&nbsp;\u00c4ppelwoi&nbsp;\u00bb (Apfelwein&nbsp;: vin de pommes).<\/p>\n\n\n\n<figure class=\"wp-block-image size-large\"><img loading=\"lazy\" decoding=\"async\" width=\"283\" height=\"425\" src=\"https:\/\/fondettes-naurod.eu\/jumelage\/wp-content\/uploads\/2016\/11\/naurod2.jpg\" alt=\"\" class=\"wp-image-670\" srcset=\"https:\/\/fondettes-naurod.eu\/jumelage\/wp-content\/uploads\/2016\/11\/naurod2.jpg 283w, https:\/\/fondettes-naurod.eu\/jumelage\/wp-content\/uploads\/2016\/11\/naurod2-200x300.jpg 200w\" sizes=\"auto, (max-width: 283px) 100vw, 283px\" \/><\/figure>\n\n\n\n<h2 class=\"wp-block-heading\">Les am\u00e9nagements communautaires<\/h2>\n\n\n\n<p>&nbsp;Naurod a 3 \u00e9coles&nbsp;:<\/p>\n\n\n\n<p>1- L\u2019\u00e9cole Rudolf-Dietz (d\u2019apr\u00e8s le nom d\u2019un po\u00e8te local 1863-1942), une \u00e9cole primaire avec environ 400 \u00e9l\u00e8ves. Elle est dirig\u00e9e par le directeur Bernd Siebold qui pr\u00e9side \u00e9galement le Comit\u00e9 de Jumelage Naurod-Fondettes.<\/p>\n\n\n\n<p>2- L\u2019\u00e9cole Kellerskopf avec environ 300 \u00e9l\u00e8ves.<\/p>\n\n\n\n<p>3- Et depuis peu une \u00e9cole internationale dans laquelle environ 300 enfants de citoyens \u00e9trangers de la r\u00e9gion du Rhin &#8211; Main suivent des cours jusqu\u2019au baccalaur\u00e9at.<\/p>\n\n\n\n<p>D\u2019autres am\u00e9nagements communautaires&nbsp;: &nbsp; Le gymnase Kellerskopf qui sert \u00e9galement pour les grandes manifestations, le Forum, une maison communale.<\/p>\n\n\n\n<h2 class=\"wp-block-heading\">Les associations de Naurod<\/h2>\n\n\n\n<p>La vie culturelle, sportive et sociale \u00e0 Naurod est organis\u00e9e et fa\u00e7onn\u00e9e par un grand nombre d\u2019associations. Il y a par exemple 5 associations sportives et 6 associations de chant et musique. Les amis de la Nature, du Th\u00e9\u00e2tre, de l\u2019Histoire de Naurod, de la Philat\u00e9lie\u2026se sont aussi constitu\u00e9s en association. Chacun y trouve contact et amiti\u00e9 avec d\u2019autres gens qui ont les m\u00eames int\u00e9r\u00eats.<\/p>\n\n\n\n<p>L\u2019une des associations les plus actives de Naurod est sans nul doute le Comit\u00e9 de Jumelage Naurod-Fondettes. Depuis 25 ans, il s\u2019emploie \u00e0 la bonne entente entre les peuples et organise de nombreuses manifestations et rencontres avec les citoyens de Fondettes et l\u2019\u00e9change des Jeunes si important. Sur un compte en banque 500 Euros (plus les int\u00e9r\u00eats) attendent depuis longtemps le premier couple franco-allemand qui se serait connu dans le cadre du Jumelage avec Fondettes.<\/p>\n\n\n\n<h2 class=\"wp-block-heading\">De nombreuses f\u00eates et une reine<\/h2>\n\n\n\n<p>A Naurod, on travaille dur et beaucoup. Mais les Naurodiens savent aussi que le travail n\u2019est pas la seule chose, ni la plus importante \u00e0 notre \u00e9poque. Ils font volontiers la f\u00eate, souvent et abondamment. La F\u00eate des Pommiers en Fleurs qui a lieu chaque ann\u00e9e en Mai pendant 3 jours &#8211; une f\u00eate populaire en l\u2019honneur des pommiers qui sont en fleurs \u00e0 cette p\u00e9riode \u2013 est renomm\u00e9e et fr\u00e9quent\u00e9e par des milliers de personnes proches ou plus \u00e9loign\u00e9es. De nombreux citoyens Fondettois pourraient \u00e9galement en parler.<\/p>\n\n\n\n<figure class=\"wp-block-image size-large\"><img loading=\"lazy\" decoding=\"async\" width=\"960\" height=\"640\" src=\"https:\/\/fondettes-naurod.eu\/jumelage\/wp-content\/uploads\/2020\/12\/pommiers-en-fleurs.jpg\" alt=\"\" class=\"wp-image-2091\" srcset=\"https:\/\/fondettes-naurod.eu\/jumelage\/wp-content\/uploads\/2020\/12\/pommiers-en-fleurs.jpg 960w, https:\/\/fondettes-naurod.eu\/jumelage\/wp-content\/uploads\/2020\/12\/pommiers-en-fleurs-300x200.jpg 300w, https:\/\/fondettes-naurod.eu\/jumelage\/wp-content\/uploads\/2020\/12\/pommiers-en-fleurs-768x512.jpg 768w\" sizes=\"auto, (max-width: 960px) 100vw, 960px\" \/><\/figure>\n\n\n\n<p>A l\u2019occasion de l\u2019\u00c4ppelbl\u00fctefest, Naurod s\u2019offre \u00e9galement une Reine. Chaque ann\u00e9e, un comit\u00e9 \u00e9lit la plus belle de toutes parmi les jeunes beaut\u00e9s du village et lui pose une couronne sur la t\u00eate. La Reine des Pommiers en Fleurs est \u00e9lue et doit repr\u00e9senter dignement son village natal lors de nombreuses manifestations.<\/p>\n\n\n\n<figure class=\"wp-block-image size-large\"><img loading=\"lazy\" decoding=\"async\" width=\"480\" height=\"300\" src=\"https:\/\/fondettes-naurod.eu\/jumelage\/wp-content\/uploads\/2020\/12\/Apfelbluetenfest-Naurod-2019.jpg\" alt=\"\" class=\"wp-image-2090\" srcset=\"https:\/\/fondettes-naurod.eu\/jumelage\/wp-content\/uploads\/2020\/12\/Apfelbluetenfest-Naurod-2019.jpg 480w, https:\/\/fondettes-naurod.eu\/jumelage\/wp-content\/uploads\/2020\/12\/Apfelbluetenfest-Naurod-2019-300x188.jpg 300w\" sizes=\"auto, (max-width: 480px) 100vw, 480px\" \/><\/figure>\n","protected":false},"excerpt":{"rendered":"<p>Naurod compte aujourd&rsquo;hui 4500 habitants. La commune a perdu son entit\u00e9 en 1977, suite \u00e0 &hellip; <\/p>\n","protected":false},"author":1,"featured_media":0,"parent":0,"menu_order":0,"comment_status":"closed","ping_status":"closed","template":"","meta":{"footnotes":""},"class_list":["post-1883","page","type-page","status-publish","hentry","latest_post"],"_links":{"self":[{"href":"https:\/\/fondettes-naurod.eu\/jumelage\/index.php?rest_route=\/wp\/v2\/pages\/1883","targetHints":{"allow":["GET"]}}],"collection":[{"href":"https:\/\/fondettes-naurod.eu\/jumelage\/index.php?rest_route=\/wp\/v2\/pages"}],"about":[{"href":"https:\/\/fondettes-naurod.eu\/jumelage\/index.php?rest_route=\/wp\/v2\/types\/page"}],"author":[{"embeddable":true,"href":"https:\/\/fondettes-naurod.eu\/jumelage\/index.php?rest_route=\/wp\/v2\/users\/1"}],"replies":[{"embeddable":true,"href":"https:\/\/fondettes-naurod.eu\/jumelage\/index.php?rest_route=%2Fwp%2Fv2%2Fcomments&post=1883"}],"version-history":[{"count":9,"href":"https:\/\/fondettes-naurod.eu\/jumelage\/index.php?rest_route=\/wp\/v2\/pages\/1883\/revisions"}],"predecessor-version":[{"id":2152,"href":"https:\/\/fondettes-naurod.eu\/jumelage\/index.php?rest_route=\/wp\/v2\/pages\/1883\/revisions\/2152"}],"wp:attachment":[{"href":"https:\/\/fondettes-naurod.eu\/jumelage\/index.php?rest_route=%2Fwp%2Fv2%2Fmedia&parent=1883"}],"curies":[{"name":"wp","href":"https:\/\/api.w.org\/{rel}","templated":true}]}}